{"id":28,"date":"2015-01-09T01:16:11","date_gmt":"2015-01-09T01:16:11","guid":{"rendered":"http:\/\/bancoinfo.panorama-agro.com\/?page_id=28"},"modified":"2018-05-03T13:07:45","modified_gmt":"2018-05-03T19:07:45","slug":"tomate","status":"publish","type":"page","link":"https:\/\/panorama-agro.com\/?page_id=28","title":{"rendered":"Tomate"},"content":{"rendered":"<p class=\"ContentText\">Sinaloa aporta aproximadamente una tercera parte de la producci\u00f3n nacional de tomate para exportaci\u00f3n en fresco, para consumo nacional y para uso industrial que le permite sembrar sostenidamente 15 mil hect\u00e1reas en promedio anual, de donde se obtienen 550 mil 900 toneladas, para un rendimiento medio de 40.5 toneladas por hect\u00e1rea.<\/p>\n<p class=\"ContentText\">En rendimiento por hect\u00e1rea es superado por Sonora, donde seg\u00fan datos de SAGARPA se obtienen 70.3 toneladas por hect\u00e1rea pero en una superficie promedio de s\u00f3lo 1,100 hect\u00e1reas por ciclo.<\/p>\n<p class=\"ContentText\">Aunque los m\u00e9todos modernos de cosecha requieren menos trabajadores, seguramente la actividad seguir\u00e1 contribuyendo a la econom\u00eda de miles de personas en las \u00e1reas rurales.<\/p>\n<p class=\"ContentText\">La demanda de determinados tipos de fruto ha propiciado la diversificaci\u00f3n de h\u00edbridos desarrollados por empresas productoras de semilla.<\/p>\n<p class=\"ContentText\">Esto hace m\u00e1s din\u00e1mica la producci\u00f3n del tomate porque no todos los h\u00edbridos tienen el mismo comportamiento ni las mismas necesidades de nutrici\u00f3n o incidencia de plagas y enfermedades, haciendo del manejo agron\u00f3mico una actividad de alta especializaci\u00f3n.<\/p>\n<p class=\"ContentText\">Los problemas principales del cultivo son: nutrici\u00f3n, manejo del riego, control de plagas y enfermedades, especialmente cuando las condiciones de clima favorecen el desarrollo de hongos, virus o bacterias.<\/p>\n<p>&nbsp;<\/p>\n<h3 class=\"ContentText\">Informaci\u00f3n disponible<\/h3>\n<p>A continuaci\u00f3n le presentamos la informaci\u00f3n t\u00e9cnica disponible para este cultivo:<\/p>\n<ul>\n<li><a title=\"Gu\u00eda de manejo\" href=\"\/?page_id=2396\">Gu\u00eda de manejo del cultivo<\/a><\/li>\n<\/ul>\n<p>Nuestro archivo fotogr\u00e1fico consta de:<\/p>\n<ul>\n<li><a href=\"\/?cat=89\">Fotograf\u00edas de plagas<\/a><\/li>\n<li><a href=\"\/?cat=88\">Fotograf\u00edas de enfermedades<\/a><\/li>\n<\/ul>\n<p>&nbsp;<\/p>\n","protected":false},"excerpt":{"rendered":"<p>Sinaloa aporta aproximadamente una tercera parte de la producci\u00f3n nacional de tomate para exportaci\u00f3n en fresco, para consumo nacional y para uso industrial que le permite<span class=\"excerpt-hellip\"> [\u2026]<\/span><\/p>\n","protected":false},"author":4,"featured_media":2395,"parent":26,"menu_order":0,"comment_status":"open","ping_status":"open","template":"","meta":{"ngg_post_thumbnail":0,"jetpack_post_was_ever_published":false,"footnotes":""},"categories":[100,30],"tags":[],"acf":[],"jetpack_sharing_enabled":true,"jetpack_shortlink":"https:\/\/wp.me\/P5Aau3-s","_links":{"self":[{"href":"https:\/\/panorama-agro.com\/index.php?rest_route=\/wp\/v2\/pages\/28"}],"collection":[{"href":"https:\/\/panorama-agro.com\/index.php?rest_route=\/wp\/v2\/pages"}],"about":[{"href":"https:\/\/panorama-agro.com\/index.php?rest_route=\/wp\/v2\/types\/page"}],"author":[{"embeddable":true,"href":"https:\/\/panorama-agro.com\/index.php?rest_route=\/wp\/v2\/users\/4"}],"replies":[{"embeddable":true,"href":"https:\/\/panorama-agro.com\/index.php?rest_route=%2Fwp%2Fv2%2Fcomments&post=28"}],"version-history":[{"count":6,"href":"https:\/\/panorama-agro.com\/index.php?rest_route=\/wp\/v2\/pages\/28\/revisions"}],"predecessor-version":[{"id":3094,"href":"https:\/\/panorama-agro.com\/index.php?rest_route=\/wp\/v2\/pages\/28\/revisions\/3094"}],"up":[{"embeddable":true,"href":"https:\/\/panorama-agro.com\/index.php?rest_route=\/wp\/v2\/pages\/26"}],"wp:featuredmedia":[{"embeddable":true,"href":"https:\/\/panorama-agro.com\/index.php?rest_route=\/wp\/v2\/media\/2395"}],"wp:attachment":[{"href":"https:\/\/panorama-agro.com\/index.php?rest_route=%2Fwp%2Fv2%2Fmedia&parent=28"}],"wp:term":[{"taxonomy":"category","embeddable":true,"href":"https:\/\/panorama-agro.com\/index.php?rest_route=%2Fwp%2Fv2%2Fcategories&post=28"},{"taxonomy":"post_tag","embeddable":true,"href":"https:\/\/panorama-agro.com\/index.php?rest_route=%2Fwp%2Fv2%2Ftags&post=28"}],"curies":[{"name":"wp","href":"https:\/\/api.w.org\/{rel}","templated":true}]}}