{"id":3739,"date":"2019-11-19T19:56:02","date_gmt":"2019-11-20T02:56:02","guid":{"rendered":"https:\/\/panorama-agro.com\/?page_id=3739"},"modified":"2020-01-03T08:51:07","modified_gmt":"2020-01-03T15:51:07","slug":"tomate-2-2","status":"publish","type":"page","link":"https:\/\/panorama-agro.com\/?page_id=3739","title":{"rendered":"Aguacate"},"content":{"rendered":"\n<p>La producci\u00f3n de aguacate tiene una relevancia mundial y nacional debido al impacto social, econ\u00f3mico,  cultural  y  ecol\u00f3gico que genera en  las  zonas productoras. M\u00e9xico es el principal productor en el mundo aportando 1,316,104 toneladas de aguacate, destacando como productores los estados de Guerrero, Michoac\u00e1n, Jalisco, Morelos, Nayarit y Estado de M\u00e9xico. En Sinaloa ya se hacen esfuerzos por incorporar este cultivo, especialmente en las zonas altas del Estado.<\/p>\n\n\n\n<h3 class=\"wp-block-heading\">Informaci\u00f3n disponible<\/h3>\n\n\n\n<p>A continuaci\u00f3n le presentamos la informaci\u00f3n t\u00e9cnica disponible para este cultivo:<\/p>\n\n\n\n<ul><li><a href=\"\/?page_id=3853\">Gu\u00eda de manejo del cultivo<\/a><\/li><li><a href=\"https:\/\/panorama-agro.com\/?page_id=3734\">Costos de producci\u00f3n 2019-2020<\/a><\/li><\/ul>\n\n\n\n<p>Nuestro archivo fotogr\u00e1fico consta de:<\/p>\n\n\n\n<ul><li><a href=\"\/?cat=120\">Fotograf\u00edas de plagas<\/a><\/li><li><a href=\"\/?cat=121\">Fotograf\u00edas de enfermedades<\/a><\/li><\/ul>\n","protected":false},"excerpt":{"rendered":"<p>La producci\u00f3n de aguacate tiene una relevancia mundial y nacional debido al impacto social, econ\u00f3mico, cultural y ecol\u00f3gico que genera en las zonas productoras. M\u00e9xico es<span class=\"excerpt-hellip\"> [\u2026]<\/span><\/p>\n","protected":false},"author":4,"featured_media":3854,"parent":26,"menu_order":0,"comment_status":"open","ping_status":"closed","template":"","meta":{"ngg_post_thumbnail":0,"jetpack_post_was_ever_published":false,"footnotes":""},"categories":[119,100],"tags":[],"acf":[],"jetpack_sharing_enabled":true,"jetpack_shortlink":"https:\/\/wp.me\/P5Aau3-Yj","_links":{"self":[{"href":"https:\/\/panorama-agro.com\/index.php?rest_route=\/wp\/v2\/pages\/3739"}],"collection":[{"href":"https:\/\/panorama-agro.com\/index.php?rest_route=\/wp\/v2\/pages"}],"about":[{"href":"https:\/\/panorama-agro.com\/index.php?rest_route=\/wp\/v2\/types\/page"}],"author":[{"embeddable":true,"href":"https:\/\/panorama-agro.com\/index.php?rest_route=\/wp\/v2\/users\/4"}],"replies":[{"embeddable":true,"href":"https:\/\/panorama-agro.com\/index.php?rest_route=%2Fwp%2Fv2%2Fcomments&post=3739"}],"version-history":[{"count":5,"href":"https:\/\/panorama-agro.com\/index.php?rest_route=\/wp\/v2\/pages\/3739\/revisions"}],"predecessor-version":[{"id":3954,"href":"https:\/\/panorama-agro.com\/index.php?rest_route=\/wp\/v2\/pages\/3739\/revisions\/3954"}],"up":[{"embeddable":true,"href":"https:\/\/panorama-agro.com\/index.php?rest_route=\/wp\/v2\/pages\/26"}],"wp:featuredmedia":[{"embeddable":true,"href":"https:\/\/panorama-agro.com\/index.php?rest_route=\/wp\/v2\/media\/3854"}],"wp:attachment":[{"href":"https:\/\/panorama-agro.com\/index.php?rest_route=%2Fwp%2Fv2%2Fmedia&parent=3739"}],"wp:term":[{"taxonomy":"category","embeddable":true,"href":"https:\/\/panorama-agro.com\/index.php?rest_route=%2Fwp%2Fv2%2Fcategories&post=3739"},{"taxonomy":"post_tag","embeddable":true,"href":"https:\/\/panorama-agro.com\/index.php?rest_route=%2Fwp%2Fv2%2Ftags&post=3739"}],"curies":[{"name":"wp","href":"https:\/\/api.w.org\/{rel}","templated":true}]}}